{"id":287,"date":"2019-09-19T08:28:15","date_gmt":"2019-09-19T08:28:15","guid":{"rendered":"http:\/\/bayerische-flaggendruckerei.de\/?page_id=287"},"modified":"2024-08-26T14:23:26","modified_gmt":"2024-08-26T14:23:26","slug":"outdoor-fahnen-2","status":"publish","type":"page","link":"https:\/\/bayerische-flaggendruckerei.de\/?page_id=287","title":{"rendered":"Outdoor Fahnen"},"content":{"rendered":"\n<p><\/p>\n\n\n\n<div class=\"wp-block-cover is-light\"><span aria-hidden=\"true\" class=\"wp-block-cover__background has-background-dim\"><\/span><img loading=\"lazy\" decoding=\"async\" width=\"3530\" height=\"2568\" class=\"wp-block-cover__image-background wp-image-121\" alt=\"\" src=\"http:\/\/bayerische-flaggendruckerei.de\/wp-content\/uploads\/2019\/09\/Druckfahnen-gesamt.gif\" data-object-fit=\"cover\"\/><div class=\"wp-block-cover__inner-container is-layout-flow wp-block-cover-is-layout-flow\">\n<p class=\"has-text-align-center has-text-color has-large-font-size\" style=\"color:#0eafea\">Outdoor Fahnen<\/p>\n<\/div><\/div>\n\n\n<hr>\n<hr>\n\n\n<p class=\"has-text-align-left has-background has-medium-font-size\" style=\"background-color:#eaf5fa\">Die Fahnen Arten und ihre Gr\u00f6\u00dfen<\/p>\n\n\n\n<div class=\"wp-block-media-text alignwide is-stacked-on-mobile has-very-light-gray-background-color has-background\"><figure class=\"wp-block-media-text__media\"><img loading=\"lazy\" decoding=\"async\" width=\"862\" height=\"1024\" src=\"http:\/\/bayerische-flaggendruckerei.de\/wp-content\/uploads\/2019\/09\/Banner-H\u00e4ngefahne-862x1024.png\" alt=\"\" class=\"wp-image-298 size-full\" srcset=\"https:\/\/bayerische-flaggendruckerei.de\/wp-content\/uploads\/2019\/09\/Banner-H\u00e4ngefahne-862x1024.png 862w, https:\/\/bayerische-flaggendruckerei.de\/wp-content\/uploads\/2019\/09\/Banner-H\u00e4ngefahne-253x300.png 253w, https:\/\/bayerische-flaggendruckerei.de\/wp-content\/uploads\/2019\/09\/Banner-H\u00e4ngefahne-768x912.png 768w, https:\/\/bayerische-flaggendruckerei.de\/wp-content\/uploads\/2019\/09\/Banner-H\u00e4ngefahne.png 988w\" sizes=\"(max-width: 862px) 100vw, 862px\" \/><\/figure><div class=\"wp-block-media-text__content\">\n<p class=\"has-medium-font-size\"><strong>H\u00e4ngefahne Banner<\/strong><\/p>\n\n\n\n<p>Die g\u00e4ngigen Gr\u00f6\u00dfen:<\/p>\n\n\n\n<p>80X200cm, 120X300cm, 120X400cm &#8230;; 150X400cm, 150X500cm &#8230;; 200x400cm, 200X500cm, &#8230;<\/p>\n<\/div><\/div>\n\n\n\n<p><\/p>\n\n\n\n<div class=\"wp-block-media-text alignwide has-media-on-the-right is-stacked-on-mobile has-very-light-gray-background-color has-background\"><div class=\"wp-block-media-text__content\">\n<p class=\"has-medium-font-size\"><strong>Flatterfahne mit und<\/strong><\/p>\n\n\n\n<p class=\"has-medium-font-size\"><strong>ohne Auslegerarm<\/strong><\/p>\n\n\n\n<p> Die g\u00e4ngigen Gr\u00f6\u00dfen: <\/p>\n\n\n\n<p>\n80X200cm, 120X300cm, 120X400cm &#8230;; 150X400cm, 150X500cm &#8230;; 200x400cm, 200X500cm, &#8230;\n\n<\/p>\n<\/div><figure class=\"wp-block-media-text__media\"><img loading=\"lazy\" decoding=\"async\" width=\"728\" height=\"1024\" src=\"http:\/\/bayerische-flaggendruckerei.de\/wp-content\/uploads\/2019\/10\/Flatterfahne-728x1024.png\" alt=\"\" class=\"wp-image-324 size-full\" srcset=\"https:\/\/bayerische-flaggendruckerei.de\/wp-content\/uploads\/2019\/10\/Flatterfahne-728x1024.png 728w, https:\/\/bayerische-flaggendruckerei.de\/wp-content\/uploads\/2019\/10\/Flatterfahne-213x300.png 213w, https:\/\/bayerische-flaggendruckerei.de\/wp-content\/uploads\/2019\/10\/Flatterfahne-768x1080.png 768w\" sizes=\"(max-width: 728px) 100vw, 728px\" \/><\/figure><\/div>\n\n\n\n<p><\/p>\n\n\n\n<div class=\"wp-block-media-text alignwide is-stacked-on-mobile has-very-light-gray-background-color has-background\"><figure class=\"wp-block-media-text__media\"><img loading=\"lazy\" decoding=\"async\" width=\"144\" height=\"165\" src=\"http:\/\/bayerische-flaggendruckerei.de\/wp-content\/uploads\/2019\/09\/outdoor-Fahnen-1.png\" alt=\"\" class=\"wp-image-302 size-full\"\/><\/figure><div class=\"wp-block-media-text__content\">\n<p class=\"has-medium-font-size\"><strong>Flagge<\/strong><\/p>\n\n\n\n<p><\/p>\n\n\n\n<p> Die g\u00e4ngigen Gr\u00f6\u00dfen:  <\/p>\n\n\n\n<p> 40X60cm, 60X90cm, 80X120cm, 100X150cm,  120X200cm, 150X250cm, 200x335cm<\/p>\n<\/div><\/div>\n\n\n\n<p><\/p>\n\n\n\n<div class=\"wp-block-media-text alignwide has-media-on-the-right is-stacked-on-mobile has-very-light-gray-background-color has-background\"><div class=\"wp-block-media-text__content\">\n<p class=\"has-medium-font-size\"><strong>Transparent<\/strong><\/p>\n\n\n\n<p>Hier gibt es nur f\u00fcr dei Stra\u00dfe eine Gr\u00f6\u00dfenangebe, sonst k\u00f6nnen die Gr\u00f6\u00dfen belibig sein- Fanflagge in Stadion 2.000X4.000cm.<\/p>\n\n\n\n<p>Die Stra\u00dfentransparente sind 80X300cm, 80X400cm &#8230;<\/p>\n<\/div><figure class=\"wp-block-media-text__media\"><img loading=\"lazy\" decoding=\"async\" width=\"1024\" height=\"410\" src=\"http:\/\/bayerische-flaggendruckerei.de\/wp-content\/uploads\/2019\/09\/Transparent-1024x410.png\" alt=\"\" class=\"wp-image-304 size-full\" srcset=\"https:\/\/bayerische-flaggendruckerei.de\/wp-content\/uploads\/2019\/09\/Transparent-1024x410.png 1024w, https:\/\/bayerische-flaggendruckerei.de\/wp-content\/uploads\/2019\/09\/Transparent-300x120.png 300w, https:\/\/bayerische-flaggendruckerei.de\/wp-content\/uploads\/2019\/09\/Transparent-768x308.png 768w, https:\/\/bayerische-flaggendruckerei.de\/wp-content\/uploads\/2019\/09\/Transparent.png 1482w\" sizes=\"(max-width: 1024px) 100vw, 1024px\" \/><\/figure><\/div>\n\n\n<hr>\n<hr>\n\n<div\n\t\t\t\n\t\t\tclass=\"so-widget-sow-button so-widget-sow-button-atom-8dadddf4813c\"\n\t\t\t\n\t\t><div class=\"ow-button-base ow-button-align-center\"\n>\n\t\t\t<a\n\t\t\t\t\thref=\"http:\/\/deutschefahnen.de\/?page_id=47\"\n\t\t\t\t\tclass=\"sowb-button ow-icon-placement-left ow-button-hover\" \t>\n\t\t<span>\n\t\t\t<span class=\"sow-icon-fontawesome sow-fab\" data-sow-icon=\"&#xf35c;\"\n\t\tstyle=\"color: #dd3333\" \n\t\taria-hidden=\"true\"><\/span>\n\t\t\tWeiter Details-hier klicken!\t\t<\/span>\n\t\t\t<\/a>\n\t<\/div>\n<\/div>\n\n<hr>\n<hr>\n\n<div\n\t\t\t\n\t\t\tclass=\"so-widget-sow-button so-widget-sow-button-atom-a3baa9eedad5\"\n\t\t\t\n\t\t><div class=\"ow-button-base ow-button-align-center\"\n>\n\t\t\t<a\n\t\t\t\t\thref=\"http:\/\/bayerische-flaggendruckerei.de\/?page_id=177\"\n\t\t\t\t\tclass=\"sowb-button ow-icon-placement-left ow-button-hover\" \t>\n\t\t<span>\n\t\t\t<span class=\"sow-icon-fontawesome sow-fab\" data-sow-icon=\"&#xf39a;\"\n\t\tstyle=\"color: #0031f9\" \n\t\taria-hidden=\"true\"><\/span>\n\t\t\tWeiter zur Drucktechnik\t\t<\/span>\n\t\t\t<\/a>\n\t<\/div>\n<\/div>\n\n<div\n\t\t\t\n\t\t\tclass=\"so-widget-sow-button so-widget-sow-button-atom-a3baa9eedad5\"\n\t\t\t\n\t\t><div class=\"ow-button-base ow-button-align-center\"\n>\n\t\t\t<a\n\t\t\t\t\thref=\"http:\/\/bayerische-flaggendruckerei.de\/?page_id=202\"\n\t\t\t\t\tclass=\"sowb-button ow-icon-placement-left ow-button-hover\" \t>\n\t\t<span>\n\t\t\t<span class=\"sow-icon-fontawesome sow-fab\" data-sow-icon=\"&#xf39a;\"\n\t\tstyle=\"color: #0031f9\" \n\t\taria-hidden=\"true\"><\/span>\n\t\t\tWeiter zur Stoffqualit\u00e4t\t\t<\/span>\n\t\t\t<\/a>\n\t<\/div>\n<\/div>\n\n<div\n\t\t\t\n\t\t\tclass=\"so-widget-sow-button so-widget-sow-button-atom-a3baa9eedad5\"\n\t\t\t\n\t\t><div class=\"ow-button-base ow-button-align-center\"\n>\n\t\t\t<a\n\t\t\t\t\thref=\"http:\/\/bayerische-flaggendruckerei.de\/?page_id=19\"\n\t\t\t\t\tclass=\"sowb-button ow-icon-placement-left ow-button-hover\" \t>\n\t\t<span>\n\t\t\t<span class=\"sow-icon-fontawesome sow-fab\" data-sow-icon=\"&#xf39a;\"\n\t\tstyle=\"color: #0031f9\" \n\t\taria-hidden=\"true\"><\/span>\n\t\t\tWeiter zur Fahnenordnung\t\t<\/span>\n\t\t\t<\/a>\n\t<\/div>\n<\/div>\n\n<hr>\n<hr>\n\n<div\n\t\t\t\n\t\t\tclass=\"so-widget-sow-button so-widget-sow-button-atom-9118d6bbf571\"\n\t\t\t\n\t\t><div class=\"ow-button-base ow-button-align-center\"\n>\n\t\t\t<a\n\t\t\t\t\thref=\"http:\/\/bayerische-flaggendruckerei.de\/?page_id=23\"\n\t\t\t\t\tclass=\"sowb-button ow-icon-placement-left ow-button-hover\" \t>\n\t\t<span>\n\t\t\t<span class=\"sow-icon-fontawesome sow-fab\" data-sow-icon=\"&#xf2b4;\"\n\t\tstyle=\"color: #eaf5fa\" \n\t\taria-hidden=\"true\"><\/span>\n\t\t\tFahnen Anfragen\t\t<\/span>\n\t\t\t<\/a>\n\t<\/div>\n<\/div>\n\n<div id=\"pl-gb287-69f0c4e01f46e\"  class=\"panel-layout\" ><div id=\"pg-gb287-69f0c4e01f46e-0\"  class=\"panel-grid panel-no-style\" ><div id=\"pgc-gb287-69f0c4e01f46e-0-0\"  class=\"panel-grid-cell panel-grid-cell-empty\" ><\/div><div id=\"pgc-gb287-69f0c4e01f46e-0-1\"  class=\"panel-grid-cell\" ><div id=\"panel-gb287-69f0c4e01f46e-0-1-0\" class=\"so-panel widget widget_media_image panel-first-child panel-last-child\" data-index=\"0\" ><img loading=\"lazy\" decoding=\"async\" width=\"100\" height=\"16\" src=\"https:\/\/bayerische-flaggendruckerei.de\/wp-content\/uploads\/2019\/09\/KOCH_gruppe-sauber--300x47.png\" class=\"image wp-image-86  attachment-100x16 size-100x16\" alt=\"\" style=\"max-width: 100%; height: auto;\" srcset=\"https:\/\/bayerische-flaggendruckerei.de\/wp-content\/uploads\/2019\/09\/KOCH_gruppe-sauber--300x47.png 300w, https:\/\/bayerische-flaggendruckerei.de\/wp-content\/uploads\/2019\/09\/KOCH_gruppe-sauber--768x119.png 768w, https:\/\/bayerische-flaggendruckerei.de\/wp-content\/uploads\/2019\/09\/KOCH_gruppe-sauber-.png 900w\" sizes=\"(max-width: 100px) 100vw, 100px\" \/><\/div><\/div><div id=\"pgc-gb287-69f0c4e01f46e-0-2\"  class=\"panel-grid-cell\" ><div id=\"panel-gb287-69f0c4e01f46e-0-2-0\" class=\"so-panel widget widget_media_image panel-first-child panel-last-child\" data-index=\"1\" ><img loading=\"lazy\" decoding=\"async\" width=\"294\" height=\"117\" src=\"https:\/\/bayerische-flaggendruckerei.de\/wp-content\/uploads\/2019\/09\/cropped-bayerische_flaggen-1.png\" class=\"image wp-image-491  attachment-full size-full\" alt=\"\" style=\"max-width: 100%; height: auto;\" \/><\/div><\/div><\/div><\/div>\n\n\n<p><\/p>\n","protected":false},"excerpt":{"rendered":"<p>Die Fahnen Arten und ihre Gr\u00f6\u00dfen H\u00e4ngefahne Banner Die g\u00e4ngigen Gr\u00f6\u00dfen: 80X200cm, 120X300cm, 120X400cm &#8230;; 150X400cm, 150X500cm &#8230;; 200x400cm, 200X500cm, &#8230; Flatterfahne mit und ohne Auslegerarm Die g\u00e4ngigen Gr\u00f6\u00dfen: 80X200cm, 120X300cm, 120X400cm &#8230;; 150X400cm, 150X500cm &#8230;; 200x400cm, 200X500cm, &#8230; Flagge Die g\u00e4ngigen Gr\u00f6\u00dfen: 40X60cm, 60X90cm, 80X120cm, 100X150cm, 120X200cm, 150X250cm, 200x335cm Transparent Hier gibt es nur&hellip; <br \/> <a class=\"read-more\" href=\"https:\/\/bayerische-flaggendruckerei.de\/?page_id=287\">Weiterlesen<\/a><\/p>\n","protected":false},"author":1,"featured_media":0,"parent":0,"menu_order":0,"comment_status":"closed","ping_status":"closed","template":"","meta":{"footnotes":""},"class_list":["post-287","page","type-page","status-publish","hentry"],"_links":{"self":[{"href":"https:\/\/bayerische-flaggendruckerei.de\/index.php?rest_route=\/wp\/v2\/pages\/287"}],"collection":[{"href":"https:\/\/bayerische-flaggendruckerei.de\/index.php?rest_route=\/wp\/v2\/pages"}],"about":[{"href":"https:\/\/bayerische-flaggendruckerei.de\/index.php?rest_route=\/wp\/v2\/types\/page"}],"author":[{"embeddable":true,"href":"https:\/\/bayerische-flaggendruckerei.de\/index.php?rest_route=\/wp\/v2\/users\/1"}],"replies":[{"embeddable":true,"href":"https:\/\/bayerische-flaggendruckerei.de\/index.php?rest_route=%2Fwp%2Fv2%2Fcomments&post=287"}],"version-history":[{"count":8,"href":"https:\/\/bayerische-flaggendruckerei.de\/index.php?rest_route=\/wp\/v2\/pages\/287\/revisions"}],"predecessor-version":[{"id":999,"href":"https:\/\/bayerische-flaggendruckerei.de\/index.php?rest_route=\/wp\/v2\/pages\/287\/revisions\/999"}],"wp:attachment":[{"href":"https:\/\/bayerische-flaggendruckerei.de\/index.php?rest_route=%2Fwp%2Fv2%2Fmedia&parent=287"}],"curies":[{"name":"wp","href":"https:\/\/api.w.org\/{rel}","templated":true}]}}