{"id":25,"date":"2019-09-17T07:12:54","date_gmt":"2019-09-17T07:12:54","guid":{"rendered":"http:\/\/bayerische-flaggendruckerei.de\/?page_id=25"},"modified":"2026-03-10T11:36:17","modified_gmt":"2026-03-10T11:36:17","slug":"fahnenmast","status":"publish","type":"page","link":"https:\/\/bayerische-flaggendruckerei.de\/?page_id=25","title":{"rendered":"Fahnenmast"},"content":{"rendered":"\n<p><\/p>\n\n\n\n<div class=\"wp-block-cover is-light\"><span aria-hidden=\"true\" class=\"wp-block-cover__background has-background-dim\"><\/span><img loading=\"lazy\" decoding=\"async\" width=\"2156\" height=\"1581\" class=\"wp-block-cover__image-background wp-image-84\" alt=\"\" src=\"http:\/\/bayerische-flaggendruckerei.de\/wp-content\/uploads\/2019\/09\/Fahnenmaste-1.gif\" data-object-fit=\"cover\"\/><div class=\"wp-block-cover__inner-container is-layout-flow wp-block-cover-is-layout-flow\">\n<p class=\"has-text-align-center has-luminous-vivid-amber-color has-text-color\" style=\"font-size:32px\"><strong>Der Fahnenmast<\/strong><\/p>\n<\/div><\/div>\n\n\n<p>.<\/p>\n<p>.<\/p>\n\n\n<div class=\"wp-block-media-text alignwide is-stacked-on-mobile\" style=\"grid-template-columns:27% auto\"><figure class=\"wp-block-media-text__media\"><img loading=\"lazy\" decoding=\"async\" width=\"449\" height=\"1024\" src=\"http:\/\/bayerische-flaggendruckerei.de\/wp-content\/uploads\/2019\/09\/Fahnenmast-einfach-diebstahl-449x1024.png\" alt=\"\" class=\"wp-image-219 size-full\" srcset=\"https:\/\/bayerische-flaggendruckerei.de\/wp-content\/uploads\/2019\/09\/Fahnenmast-einfach-diebstahl-449x1024.png 449w, https:\/\/bayerische-flaggendruckerei.de\/wp-content\/uploads\/2019\/09\/Fahnenmast-einfach-diebstahl-132x300.png 132w, https:\/\/bayerische-flaggendruckerei.de\/wp-content\/uploads\/2019\/09\/Fahnenmast-einfach-diebstahl.png 627w\" sizes=\"(max-width: 449px) 100vw, 449px\" \/><\/figure><div class=\"wp-block-media-text__content\">\n<h4 class=\"wp-block-heading has-black-color has-text-color has-large-font-size\">M01<\/h4>\n\n\n\n<p>\u2013 Masten 5m, 6m, 6,5m, 7m, 8m, 9m, 10m H\u00f6he \u00fcber Boden mit innen liegendem Hiss-Seil<\/p>\n\n\n\n<p><strong>M01 \u2013 Masten mit innen liegendem Hiss-Seil<\/strong><\/p>\n\n\n\n<p>Masten mit innen liegendem Hissseil verwehren Dritten den Zugriff<br>auf ihre Fahnen durch die abschlie\u00dfbare Bediener-T\u00fcr. Der Fahnenwechsel erfolgt in bequemer Stehh\u00f6he.<\/p>\n<\/div><\/div>\n\n\n\n<p><\/p>\n\n\n\n<div class=\"wp-block-media-text alignwide has-media-on-the-right is-stacked-on-mobile\" style=\"grid-template-columns:auto 27%\"><div class=\"wp-block-media-text__content\">\n<p class=\"has-black-color has-text-color has-large-font-size\"><strong>M02<\/strong><\/p>\n\n\n\n<p>\u2013 360\u00b0 drehbar mit innen liegendem Hiss-Seil und drehbarer Kopfkappe H\u00f6hen 5m, 6m, 6,5m, 7m, 8m, 9m, 10m H\u00f6he \u00fcber Boden liegendem Hiss-Seil<\/p>\n\n\n\n<p><strong>Mast M02 \u2013 360\u00b0 drehbar&nbsp; mit innen liegendem Hiss-Seil und drehbarer Kopfkappe<\/strong><\/p>\n\n\n\n<p>Masten mit innen liegendem Hi\u00dfseil verwehren Dritten den Zugriff. Der Fahnenwechsel erfolgt in bequemer Stehh\u00f6he.<\/p>\n\n\n\n<p><\/p>\n<\/div><figure class=\"wp-block-media-text__media\"><img loading=\"lazy\" decoding=\"async\" width=\"330\" height=\"1024\" src=\"http:\/\/bayerische-flaggendruckerei.de\/wp-content\/uploads\/2019\/09\/Fahnenmast-drehbar-diebstahl-330x1024.png\" alt=\"\" class=\"wp-image-220 size-full\" srcset=\"https:\/\/bayerische-flaggendruckerei.de\/wp-content\/uploads\/2019\/09\/Fahnenmast-drehbar-diebstahl-330x1024.png 330w, https:\/\/bayerische-flaggendruckerei.de\/wp-content\/uploads\/2019\/09\/Fahnenmast-drehbar-diebstahl-97x300.png 97w, https:\/\/bayerische-flaggendruckerei.de\/wp-content\/uploads\/2019\/09\/Fahnenmast-drehbar-diebstahl.png 646w\" sizes=\"(max-width: 330px) 100vw, 330px\" \/><\/figure><\/div>\n\n\n\n<div class=\"wp-block-media-text alignwide is-stacked-on-mobile has-cyan-bluish-gray-background-color has-background\" style=\"grid-template-columns:27% auto\"><figure class=\"wp-block-media-text__media\"><img loading=\"lazy\" decoding=\"async\" width=\"387\" height=\"1024\" src=\"https:\/\/bayerische-flaggendruckerei.de\/wp-content\/uploads\/2021\/09\/M04-nicht-hissbar-387x1024.png\" alt=\"\" class=\"wp-image-797 size-full\" srcset=\"https:\/\/bayerische-flaggendruckerei.de\/wp-content\/uploads\/2021\/09\/M04-nicht-hissbar-387x1024.png 387w, https:\/\/bayerische-flaggendruckerei.de\/wp-content\/uploads\/2021\/09\/M04-nicht-hissbar-581x1536.png 581w, https:\/\/bayerische-flaggendruckerei.de\/wp-content\/uploads\/2021\/09\/M04-nicht-hissbar.png 750w\" sizes=\"(max-width: 387px) 100vw, 387px\" \/><\/figure><div class=\"wp-block-media-text__content\">\n<p class=\"has-black-color has-text-color has-large-font-size\"><strong>M03<\/strong><\/p>\n\n\n\n<p>\u2013 Masten mit Drehkorf , Masten mit Drehkopfausleger<strong> NICHT hissbar<\/strong> \/ H\u00f6hen 5m, 6m, 6,5m, 7m, 8m, 9m, 10m H\u00f6he \u00fcber Bodenl<\/p>\n\n\n\n<p><strong>M03\u2013 Masten mit Drehkopfausleger<\/strong><\/p>\n\n\n\n<p>Masten mit Drehkopfausleger verbindet die stetige volle Sichtbarkeit<br>der Fahne mit einer hochwertigen, soliden Technik und ihrer Schlichtheit.<br>Dieser Mast muss gekippt werden, damit ein Fahnenwechsel erfolgen kann.<\/p>\n<\/div><\/div>\n\n\n\n<div class=\"wp-block-media-text alignwide has-media-on-the-right is-stacked-on-mobile\" style=\"grid-template-columns:auto 27%\"><div class=\"wp-block-media-text__content\">\n<p class=\"has-black-color has-text-color has-large-font-size\"><strong>M04<\/strong><\/p>\n\n\n\n<p>\u2013Masten mit Drehkopfausleger hissbar ! \/ H\u00f6hen 5m, 6m, 6,5m, 7m, 8m, 9m, 10m \u00fcber Boden<\/p>\n\n\n\n<p><strong>M04\u2013 Masten mit Drehkopfauslege<\/strong>r<\/p>\n\n\n\n<p>Masten mit Drehkopfausleger verbindet die stetige volle Sichtbarkeit der Fahne mit einer hochwertigen, soliden Technik und ihrer Schlichtheit. Ein Fahnenwechsel erfolgen einfach.<\/p>\n\n\n\n<p><\/p>\n<\/div><figure class=\"wp-block-media-text__media\"><img loading=\"lazy\" decoding=\"async\" width=\"464\" height=\"1024\" src=\"http:\/\/bayerische-flaggendruckerei.de\/wp-content\/uploads\/2021\/09\/Mast-ausleger-hissbar-464x1024.gif\" alt=\"\" class=\"wp-image-803 size-full\" srcset=\"https:\/\/bayerische-flaggendruckerei.de\/wp-content\/uploads\/2021\/09\/Mast-ausleger-hissbar-464x1024.gif 464w, https:\/\/bayerische-flaggendruckerei.de\/wp-content\/uploads\/2021\/09\/Mast-ausleger-hissbar-136x300.gif 136w, https:\/\/bayerische-flaggendruckerei.de\/wp-content\/uploads\/2021\/09\/Mast-ausleger-hissbar-489x1080.gif 489w\" sizes=\"(max-width: 464px) 100vw, 464px\" \/><\/figure><\/div>\n\n\n\n<p><\/p>\n\n\n\n<div class=\"wp-block-media-text alignwide is-stacked-on-mobile\" style=\"grid-template-columns:34% auto\"><figure class=\"wp-block-media-text__media\"><img loading=\"lazy\" decoding=\"async\" width=\"427\" height=\"1024\" src=\"http:\/\/bayerische-flaggendruckerei.de\/wp-content\/uploads\/2019\/09\/BackDrop-427x1024.png\" alt=\"\" class=\"wp-image-223 size-full\" srcset=\"https:\/\/bayerische-flaggendruckerei.de\/wp-content\/uploads\/2019\/09\/BackDrop-427x1024.png 427w, https:\/\/bayerische-flaggendruckerei.de\/wp-content\/uploads\/2019\/09\/BackDrop-125x300.png 125w, https:\/\/bayerische-flaggendruckerei.de\/wp-content\/uploads\/2019\/09\/BackDrop.png 743w\" sizes=\"(max-width: 427px) 100vw, 427px\" \/><\/figure><div class=\"wp-block-media-text__content\">\n<p class=\"has-black-color has-text-color has-large-font-size\"><strong>M05<\/strong> <\/p>\n\n\n\n<p class=\"has-large-font-size\">BackDrop<\/p>\n\n\n\n<p>Masten mit hissbaren Ausleder vebindendie stetige volle Sicherheit der Flatterfahne mit einem komfortablen Flaggenwechsel<\/p>\n\n\n\n<p>Durch die Kombination von Matrohr (115 mm Durchmesser) im Fu\u00dfbereich mit dem bew\u00e4hrten, hochstabilen 100 mm Mastrohr erreicht msn eine Masth\u00f6he von 12m<\/p>\n<\/div><\/div>\n\n\n<p>.<\/p>\n<p>.<\/p>\n\n\n<div class=\"wp-block-media-text alignwide has-media-on-the-right is-stacked-on-mobile\"><div class=\"wp-block-media-text__content\">\n<h2 class=\"wp-block-heading has-x-large-font-size\">M06<\/h2>\n\n\n\n<p>Mast mit Auslegerarm dreht sich komplett und ist hissbar<\/p>\n<\/div><figure class=\"wp-block-media-text__media\"><\/figure><\/div>\n\n\n<p>.<\/p>\n<p>.<\/p>\n\n\n<div class=\"wp-block-media-text alignwide is-stacked-on-mobile\" style=\"grid-template-columns:27% auto\"><figure class=\"wp-block-media-text__media\"><img loading=\"lazy\" decoding=\"async\" width=\"347\" height=\"1024\" src=\"http:\/\/bayerische-flaggendruckerei.de\/wp-content\/uploads\/2019\/09\/Fahnenmast-einfach-347x1024.png\" alt=\"\" class=\"wp-image-217 size-full\" srcset=\"https:\/\/bayerische-flaggendruckerei.de\/wp-content\/uploads\/2019\/09\/Fahnenmast-einfach-347x1024.png 347w, https:\/\/bayerische-flaggendruckerei.de\/wp-content\/uploads\/2019\/09\/Fahnenmast-einfach-102x300.png 102w, https:\/\/bayerische-flaggendruckerei.de\/wp-content\/uploads\/2019\/09\/Fahnenmast-einfach.png 655w\" sizes=\"(max-width: 347px) 100vw, 347px\" \/><\/figure><div class=\"wp-block-media-text__content\">\n<p class=\"has-black-color has-text-color has-large-font-size\"><strong>M07<\/strong><\/p>\n\n\n\n<p><strong>Einfacher Fahnenmast hisbar nicht diebsrahlsicher<\/strong><\/p>\n\n\n\n<p>Masten in einfacher Ausf\u00fchrung- Bestet aus einer Umlenkrolle und einer Klampe zum Festmachen der Schnur.<\/p>\n\n\n\n<p>Das Bild zeigt ein Banner mit einer Ringbandsichereung mit Schnue, damit die Fahne nicht wegweht, sndern am Mast bleibt.<\/p>\n<\/div><\/div>\n\n\n<p>.<\/p>\n<p>.<\/p>\n<\/p>\n\n<div\n\t\t\t\n\t\t\tclass=\"so-widget-sow-button so-widget-sow-button-atom-44d2553f0951\"\n\t\t\t\n\t\t><div class=\"ow-button-base ow-button-align-center\"\n>\n\t\t\t<a\n\t\t\t\t\thref=\"http:\/\/bayerische-flaggendruckerei.de\/?page_id=23\"\n\t\t\t\t\tclass=\"sowb-button ow-icon-placement-left ow-button-hover\" \t>\n\t\t<span>\n\t\t\t<span class=\"sow-icon-fontawesome sow-fab\" data-sow-icon=\"&#xf2b4;\"\n\t\tstyle=\"color: #eaf5fa\" \n\t\taria-hidden=\"true\"><\/span>\n\t\t\tFahnenmast Anfragen\t\t<\/span>\n\t\t\t<\/a>\n\t<\/div>\n<\/div>\n\n<p>.<\/p>\n<p>.<\/p>\n<\/p>\n\n<div id=\"pl-gb25-69ee16996cc48\"  class=\"panel-layout\" ><div id=\"pg-gb25-69ee16996cc48-0\"  class=\"panel-grid panel-no-style\" ><div id=\"pgc-gb25-69ee16996cc48-0-0\"  class=\"panel-grid-cell panel-grid-cell-empty\" ><\/div><div id=\"pgc-gb25-69ee16996cc48-0-1\"  class=\"panel-grid-cell\" ><div id=\"panel-gb25-69ee16996cc48-0-1-0\" class=\"so-panel widget widget_media_image panel-first-child panel-last-child\" data-index=\"0\" ><img loading=\"lazy\" decoding=\"async\" width=\"100\" height=\"16\" src=\"https:\/\/bayerische-flaggendruckerei.de\/wp-content\/uploads\/2019\/09\/KOCH_gruppe-sauber--300x47.png\" class=\"image wp-image-86  attachment-100x16 size-100x16\" alt=\"\" style=\"max-width: 100%; height: auto;\" srcset=\"https:\/\/bayerische-flaggendruckerei.de\/wp-content\/uploads\/2019\/09\/KOCH_gruppe-sauber--300x47.png 300w, https:\/\/bayerische-flaggendruckerei.de\/wp-content\/uploads\/2019\/09\/KOCH_gruppe-sauber--768x119.png 768w, https:\/\/bayerische-flaggendruckerei.de\/wp-content\/uploads\/2019\/09\/KOCH_gruppe-sauber-.png 900w\" sizes=\"(max-width: 100px) 100vw, 100px\" \/><\/div><\/div><div id=\"pgc-gb25-69ee16996cc48-0-2\"  class=\"panel-grid-cell\" ><div id=\"panel-gb25-69ee16996cc48-0-2-0\" class=\"so-panel widget widget_media_image panel-first-child panel-last-child\" data-index=\"1\" ><img loading=\"lazy\" decoding=\"async\" width=\"294\" height=\"117\" src=\"https:\/\/bayerische-flaggendruckerei.de\/wp-content\/uploads\/2019\/09\/cropped-bayerische_flaggen-1.png\" class=\"image wp-image-491  attachment-full size-full\" alt=\"\" style=\"max-width: 100%; height: auto;\" \/><\/div><\/div><\/div><\/div>\n\n\n<p><\/p>\n","protected":false},"excerpt":{"rendered":"<p>. . M01 \u2013 Masten 5m, 6m, 6,5m, 7m, 8m, 9m, 10m H\u00f6he \u00fcber Boden mit innen liegendem Hiss-Seil M01 \u2013 Masten mit innen liegendem Hiss-Seil Masten mit innen liegendem Hissseil verwehren Dritten den Zugriffauf ihre Fahnen durch die abschlie\u00dfbare Bediener-T\u00fcr. Der Fahnenwechsel erfolgt in bequemer Stehh\u00f6he. M02 \u2013 360\u00b0 drehbar mit innen liegendem Hiss-Seil&hellip; <br \/> <a class=\"read-more\" href=\"https:\/\/bayerische-flaggendruckerei.de\/?page_id=25\">Weiterlesen<\/a><\/p>\n","protected":false},"author":1,"featured_media":0,"parent":0,"menu_order":0,"comment_status":"closed","ping_status":"closed","template":"","meta":{"footnotes":""},"class_list":["post-25","page","type-page","status-publish","hentry"],"_links":{"self":[{"href":"https:\/\/bayerische-flaggendruckerei.de\/index.php?rest_route=\/wp\/v2\/pages\/25"}],"collection":[{"href":"https:\/\/bayerische-flaggendruckerei.de\/index.php?rest_route=\/wp\/v2\/pages"}],"about":[{"href":"https:\/\/bayerische-flaggendruckerei.de\/index.php?rest_route=\/wp\/v2\/types\/page"}],"author":[{"embeddable":true,"href":"https:\/\/bayerische-flaggendruckerei.de\/index.php?rest_route=\/wp\/v2\/users\/1"}],"replies":[{"embeddable":true,"href":"https:\/\/bayerische-flaggendruckerei.de\/index.php?rest_route=%2Fwp%2Fv2%2Fcomments&post=25"}],"version-history":[{"count":19,"href":"https:\/\/bayerische-flaggendruckerei.de\/index.php?rest_route=\/wp\/v2\/pages\/25\/revisions"}],"predecessor-version":[{"id":1046,"href":"https:\/\/bayerische-flaggendruckerei.de\/index.php?rest_route=\/wp\/v2\/pages\/25\/revisions\/1046"}],"wp:attachment":[{"href":"https:\/\/bayerische-flaggendruckerei.de\/index.php?rest_route=%2Fwp%2Fv2%2Fmedia&parent=25"}],"curies":[{"name":"wp","href":"https:\/\/api.w.org\/{rel}","templated":true}]}}